{"id":7,"date":"2013-02-04T11:35:29","date_gmt":"2013-02-04T11:35:29","guid":{"rendered":"https:\/\/ocw.unileon.es\/asignatura\/?page_id=7"},"modified":"2016-02-10T16:59:28","modified_gmt":"2016-02-10T16:59:28","slug":"programa","status":"publish","type":"page","link":"https:\/\/ocw.unileon.es\/inmigrantes-minorias-etnicas-y-educacion-intercultural\/programa\/","title":{"rendered":"Programa"},"content":{"rendered":"<table width=\"600\" cellspacing=\"1\" cellpadding=\"2\">\r\n<tbody>\r\n<tr align=\"center\" valign=\"middle\">\r\n<td class=\"VerdanaBlanca\" align=\"center\"><strong>Bloque<\/strong><\/td>\r\n<td class=\"VerdanaBlanca\" align=\"center\"><strong>Tema<\/strong><\/td>\r\n<\/tr>\r\n<tr>\r\n<td class=\"Verdana\" valign=\"middle\">BLOQUE I.-<\/td>\r\n<td class=\"Verdana\">\r\nTema 1.- Inmigraci\u00f3n.- Las migraciones internacionales. La inmigraci\u00f3n en Europa y Espa\u00f1a en la actualidad.\r\n\r\nTema 2.- La educaci\u00f3n de migrantes vs\u00a0la educaci\u00f3n intercultural.<\/td>\r\n<\/tr>\r\n<tr class=\"mainfons2\">\r\n<td class=\"Verdana\" valign=\"middle\">BLOQUE II.-<\/td>\r\n<td class=\"Verdana\">\r\nTema 3.- Marco te\u00f3rico-pedag\u00f3gico de la Educaci\u00f3n intercultural. La escuela ante la diversidad cultural. Programas y modelos de educaci\u00f3n multicultural e intercultural.\r\n\r\nTema 4.- La Educaci\u00f3n intercultural en Espa\u00f1a. Diversidad del alumnado en el Sistema educativo espa\u00f1ol, minor\u00edas \u00e9tnicas y escolarizaci\u00f3n del alumnado inmigrante. Pol\u00edtica educativa en relaci\u00f3n con la Educaci\u00f3n intercultural.<\/td>\r\n<\/tr>\r\n<tr>\r\n<td class=\"Verdana\" valign=\"middle\">BLOQUE III.-<\/td>\r\n<td class=\"Verdana\">\r\nTema 5.- La construcci\u00f3n de la imagen del \u201cotro diferente\u201d. La pr\u00e1ctica educativa ante la interculturalidad.\r\n\r\nTema 6.- Estrategias did\u00e1cticas y organizativas para abordar la interculturalidad.<\/td>\r\n<\/tr>\r\n<\/tbody>\r\n<\/table>","protected":false},"excerpt":{"rendered":"<p>Bloque Tema BLOQUE I.- Tema 1.- Inmigraci\u00f3n.- Las migraciones internacionales. La inmigraci\u00f3n en Europa y Espa\u00f1a en la actualidad. Tema 2.- La educaci\u00f3n de migrantes vs\u00a0la educaci\u00f3n intercultural. BLOQUE II.- Tema 3.- Marco te\u00f3rico-pedag\u00f3gico de la Educaci\u00f3n intercultural. La escuela ante la diversidad cultural. Programas y modelos de educaci\u00f3n multicultural e intercultural. Tema 4.- La [&hellip;]<\/p>\n","protected":false},"author":29,"featured_media":0,"parent":0,"menu_order":0,"comment_status":"closed","ping_status":"closed","template":"","meta":{"footnotes":""},"class_list":["post-7","page","type-page","status-publish","hentry"],"_links":{"self":[{"href":"https:\/\/ocw.unileon.es\/inmigrantes-minorias-etnicas-y-educacion-intercultural\/wp-json\/wp\/v2\/pages\/7","targetHints":{"allow":["GET"]}}],"collection":[{"href":"https:\/\/ocw.unileon.es\/inmigrantes-minorias-etnicas-y-educacion-intercultural\/wp-json\/wp\/v2\/pages"}],"about":[{"href":"https:\/\/ocw.unileon.es\/inmigrantes-minorias-etnicas-y-educacion-intercultural\/wp-json\/wp\/v2\/types\/page"}],"author":[{"embeddable":true,"href":"https:\/\/ocw.unileon.es\/inmigrantes-minorias-etnicas-y-educacion-intercultural\/wp-json\/wp\/v2\/users\/29"}],"replies":[{"embeddable":true,"href":"https:\/\/ocw.unileon.es\/inmigrantes-minorias-etnicas-y-educacion-intercultural\/wp-json\/wp\/v2\/comments?post=7"}],"version-history":[{"count":1,"href":"https:\/\/ocw.unileon.es\/inmigrantes-minorias-etnicas-y-educacion-intercultural\/wp-json\/wp\/v2\/pages\/7\/revisions"}],"predecessor-version":[{"id":27,"href":"https:\/\/ocw.unileon.es\/inmigrantes-minorias-etnicas-y-educacion-intercultural\/wp-json\/wp\/v2\/pages\/7\/revisions\/27"}],"wp:attachment":[{"href":"https:\/\/ocw.unileon.es\/inmigrantes-minorias-etnicas-y-educacion-intercultural\/wp-json\/wp\/v2\/media?parent=7"}],"curies":[{"name":"wp","href":"https:\/\/api.w.org\/{rel}","templated":true}]}}