{"id":8,"date":"2013-02-04T11:35:36","date_gmt":"2013-02-04T11:35:36","guid":{"rendered":"https:\/\/ocw.unileon.es\/asignatura\/?page_id=8"},"modified":"2016-02-10T17:02:01","modified_gmt":"2016-02-10T17:02:01","slug":"bibliografia","status":"publish","type":"page","link":"https:\/\/ocw.unileon.es\/inmigrantes-minorias-etnicas-y-educacion-intercultural\/bibliografia\/","title":{"rendered":"Bibliograf\u00eda"},"content":{"rendered":"<table border=\"0\" width=\"600\" cellspacing=\"1\" cellpadding=\"2\">\r\n<tbody>\r\n<tr>\r\n<td class=\"Verdana\">D\u00cdEZ GUTI\u00c9RREZ, E.J. (2012).\u00a0<strong>Educaci\u00f3n Intercultural<\/strong>. M\u00e1laga: Aljibe.<\/td>\r\n<\/tr>\r\n<tr>\r\n<td class=\"Verdana\">\r\n<p align=\"&quot;center&quot;\"><strong><u>BIBLIOGRAF\u00cdA<\/u><\/strong><\/p>\r\n\r\n<div class=\"&quot;column&quot;\">\r\n<ul class=\"&quot;lista3&quot;\">\r\n\t<li id=\"&quot;libro&quot;\" class=\"&quot;lista3&quot;\">AGUADO ODINA, M.T. (2003). Pedagog\u00eda intercultural. Madrid: McGraw-Hill.<\/li>\r\n\t<li id=\"&quot;libro&quot;\" class=\"&quot;lista3&quot;\">ALTAREJOS, F. et al. (2003). Retos educativos de la globalizaci\u00f3n: Hacia una sociedad solidaria. Pamplona: Eunsa.<\/li>\r\n\t<li id=\"&quot;libro&quot;\" class=\"&quot;lista3&quot;\">ARCO BRASO, I. (1998). Hacia una escuela intercultural: El profesorado, formaci\u00f3n y expectativas. Lleida: Universidad.<\/li>\r\n\t<li id=\"&quot;libro&quot;\" class=\"&quot;lista3&quot;\">BARTOLOM\u00c9 PINA, M. (coord..) (2002). Identidad y ciudadan\u00eda: Un reto a la educaci\u00f3n intercultural. Madrid: Narcea.<\/li>\r\n\t<li id=\"&quot;libro&quot;\" class=\"&quot;lista3&quot;\">BESAL\u00da COSTA, X. (2002). Diversidad cultural y educaci\u00f3n. Madrid: S\u00edntesis.<\/li>\r\n\t<li id=\"&quot;libro&quot;\" class=\"&quot;lista3&quot;\">D\u00cdEZ GUTI\u00c9RREZ, E.J. (2012). Educaci\u00f3n Intercultural.M\u00e1laga. Algibe.<\/li>\r\n\t<li id=\"&quot;libro&quot;\" class=\"&quot;lista3&quot;\">D\u00cdEZ GUTI\u00c9RREZ, E.J. (2010). Decrecimiento y educaci\u00f3n (Dir.).Decrecimientos. Sobre lo que hay que cambiar (109-135). Madrid. Catarata.<\/li>\r\n\t<li id=\"&quot;libro&quot;\" class=\"&quot;lista3&quot;\">D\u00cdEZ GUTI\u00c9RREZ, E.J. (2007). La globalizaci\u00f3n en la educaci\u00f3n. Barcelona. El Roure.<\/li>\r\n\t<li id=\"&quot;libro&quot;\" class=\"&quot;lista3&quot;\">D\u00cdEZ GUTI\u00c9RREZ, E.J. (2005). La educaci\u00f3n intercultural mestiza. Opciones Pedag\u00f3gicas, 31, 70-95.<\/li>\r\n\t<li id=\"&quot;libro&quot;\" class=\"&quot;lista3&quot;\">D\u00cdEZ GUTI\u00c9RREZ, E.J. (2004). Interculturalidad. Tabanque, 18, 49-77<\/li>\r\n\t<li id=\"&quot;libro&quot;\" class=\"&quot;lista3&quot;\">G\u00d3MEZ P\u00c9REZ, R. (2001). Iguales y distintos: Introducci\u00f3n a la antropolog\u00eda cultural. Madrid: Ed. Internacionales Universitarias.<\/li>\r\n\t<li id=\"&quot;libro&quot;\" class=\"&quot;lista3&quot;\">JORD\u00c1N, J. (1996). Propuestas de Educaci\u00f3n Intercultural para profesores. Barcelona: CEAC.<\/li>\r\n\t<li id=\"&quot;libro&quot;\" class=\"&quot;lista3&quot;\">L\u00d3PEZ L\u00d3PEZ, M.C. (2000). Diversidad sociocultural y formaci\u00f3n de profesores. Bilbao: Mensajero.<\/li>\r\n\t<li id=\"&quot;libro&quot;\" class=\"&quot;lista3&quot;\">LOVELACE, M. (1995). Educaci\u00f3n Intercultural. Madrid: Escuela Espa\u00f1ola.<\/li>\r\n\t<li id=\"&quot;libro&quot;\" class=\"&quot;lista3&quot;\">OLIVER VERA, M.C. (2003). Estrategias did\u00e1cticas y organizativas ante la diversidad: Dilema del profesorado. Barcelona: Octaedro.<\/li>\r\n\t<li id=\"&quot;libro&quot;\" class=\"&quot;lista3&quot;\">SARTORIL, G. (2001). La sociedad multi\u00e9tnica: Pluralismo, multiculturalismo y extranjeros. Madrid: Taurus.<\/li>\r\n\t<li id=\"&quot;libro&quot;\" class=\"&quot;lista3&quot;\">SABARIEGO PUIG, M. (2002). La educaci\u00f3n intercultural ante los retos del siglo XXI. Bilbao: Descl\u00e9e.<\/li>\r\n\t<li id=\"&quot;libro&quot;\" class=\"&quot;lista3&quot;\">SORIANO AYALA, E. (coord.) (2001). Identidad cultural y ciudadan\u00eda intercultural: Su contexto educativo. Madrid: La Muralla.<\/li>\r\n\t<li id=\"&quot;libro&quot;\" class=\"&quot;lista3&quot;\">SORIANO AYALA, E. (coord.) (2002). Interculturalidad: Fundamentos , programas y evaluaci\u00f3n. Madrid: La Muralla.<\/li>\r\n\t<li id=\"&quot;libro&quot;\" class=\"&quot;lista3&quot;\">RUIZ ROM\u00c1N, C. (2003). Educaci\u00f3n intercultural: Una visi\u00f3n cr\u00edtica de la cultura. Barcelona: Octaedro<\/li>\r\n<\/ul>\r\n<\/div><\/td>\r\n<\/tr>\r\n<\/tbody>\r\n<\/table>","protected":false},"excerpt":{"rendered":"<p>D\u00cdEZ GUTI\u00c9RREZ, E.J. (2012).\u00a0Educaci\u00f3n Intercultural. M\u00e1laga: Aljibe. BIBLIOGRAF\u00cdA AGUADO ODINA, M.T. (2003). Pedagog\u00eda intercultural. Madrid: McGraw-Hill. ALTAREJOS, F. et al. (2003). Retos educativos de la globalizaci\u00f3n: Hacia una sociedad solidaria. Pamplona: Eunsa. ARCO BRASO, I. (1998). Hacia una escuela intercultural: El profesorado, formaci\u00f3n y expectativas. Lleida: Universidad. BARTOLOM\u00c9 PINA, M. (coord..) (2002). Identidad y ciudadan\u00eda: [&hellip;]<\/p>\n","protected":false},"author":29,"featured_media":0,"parent":0,"menu_order":0,"comment_status":"closed","ping_status":"closed","template":"","meta":{"footnotes":""},"class_list":["post-8","page","type-page","status-publish","hentry"],"_links":{"self":[{"href":"https:\/\/ocw.unileon.es\/inmigrantes-minorias-etnicas-y-educacion-intercultural\/wp-json\/wp\/v2\/pages\/8","targetHints":{"allow":["GET"]}}],"collection":[{"href":"https:\/\/ocw.unileon.es\/inmigrantes-minorias-etnicas-y-educacion-intercultural\/wp-json\/wp\/v2\/pages"}],"about":[{"href":"https:\/\/ocw.unileon.es\/inmigrantes-minorias-etnicas-y-educacion-intercultural\/wp-json\/wp\/v2\/types\/page"}],"author":[{"embeddable":true,"href":"https:\/\/ocw.unileon.es\/inmigrantes-minorias-etnicas-y-educacion-intercultural\/wp-json\/wp\/v2\/users\/29"}],"replies":[{"embeddable":true,"href":"https:\/\/ocw.unileon.es\/inmigrantes-minorias-etnicas-y-educacion-intercultural\/wp-json\/wp\/v2\/comments?post=8"}],"version-history":[{"count":3,"href":"https:\/\/ocw.unileon.es\/inmigrantes-minorias-etnicas-y-educacion-intercultural\/wp-json\/wp\/v2\/pages\/8\/revisions"}],"predecessor-version":[{"id":30,"href":"https:\/\/ocw.unileon.es\/inmigrantes-minorias-etnicas-y-educacion-intercultural\/wp-json\/wp\/v2\/pages\/8\/revisions\/30"}],"wp:attachment":[{"href":"https:\/\/ocw.unileon.es\/inmigrantes-minorias-etnicas-y-educacion-intercultural\/wp-json\/wp\/v2\/media?parent=8"}],"curies":[{"name":"wp","href":"https:\/\/api.w.org\/{rel}","templated":true}]}}