{"id":14,"date":"2013-02-04T11:36:32","date_gmt":"2013-02-04T11:36:32","guid":{"rendered":"https:\/\/ocw.unileon.es\/asignatura\/?page_id=14"},"modified":"2014-04-01T11:38:08","modified_gmt":"2014-04-01T11:38:08","slug":"autores-del-material","status":"publish","type":"page","link":"https:\/\/ocw.unileon.es\/organizacion-de-empresas-aeroespaciales\/autores-del-material\/","title":{"rendered":"Autores del material"},"content":{"rendered":"<address>Jos\u00e9-\u00c1ngel Miguel D\u00e1vila<\/address><address>\u00a0<\/address><address>Catedr\u00e1tico E.U. de Organizaci\u00f3n de Empresas<\/address><address>Departamento de Direcci\u00f3n y Econom\u00eda de la Empresa<\/address><address>Universidad de Le\u00f3n<\/address><address>\u00a0<\/address><address><span style=\"color: #000000;\"><span style=\"font-size: medium;\"><span style=\"font-family: Calibri;\">\u00b0\u00ba\u00a4\u00f8,\u00b8\u00b8,\u00f8\u00a4\u00ba\u00b0`\u00b0\u00ba<\/span>\u00a0\u00a0<\/span><\/span><span style=\"color: #000000;\"><span style=\"font-size: medium;\"><span style=\"font-family: Calibri;\">JAM D\u00e1vila \u00a0<\/span><span style=\"font-family: arial, helvetica, sans-serif;\">\u00a0<\/span><\/span><\/span><span style=\"color: #0000ff; font-family: 'arial narrow', sans-serif;\"><a href=\"mailto:jam.davila@unileon.es\" target=\"_blank\">jam.davila@unileon.es<\/a><span style=\"color: #000000;\">\u00a0\u00a0\u00a0\u00a0\u00a0<\/span><a href=\"http:\/\/gide.unileon.es\/index.php\" target=\"_blank\">http:\/\/gide.unileon.es\/index.<wbr \/>php<\/a><\/span>\u00a0 \u00f8\u00a4\u00ba\u00b0`\u00b0\u00ba\u00a4\u00f8,\u00b8\u00b8,\u00f8\u00a4\u00ba\u00b0`\u00b0\u00ba<\/address>","protected":false},"excerpt":{"rendered":"<p>Jos\u00e9-\u00c1ngel Miguel D\u00e1vila\u00a0Catedr\u00e1tico E.U. de Organizaci\u00f3n de EmpresasDepartamento de Direcci\u00f3n y Econom\u00eda de la EmpresaUniversidad de Le\u00f3n\u00a0\u00b0\u00ba\u00a4\u00f8,\u00b8\u00b8,\u00f8\u00a4\u00ba\u00b0`\u00b0\u00ba\u00a0\u00a0JAM D\u00e1vila \u00a0\u00a0jam.davila@unileon.es\u00a0\u00a0\u00a0\u00a0\u00a0http:\/\/gide.unileon.es\/index.php\u00a0 \u00f8\u00a4\u00ba\u00b0`\u00b0\u00ba\u00a4\u00f8,\u00b8\u00b8,\u00f8\u00a4\u00ba\u00b0`\u00b0\u00ba<\/p>\n","protected":false},"author":21,"featured_media":0,"parent":0,"menu_order":0,"comment_status":"closed","ping_status":"open","template":"","meta":{"footnotes":""},"class_list":["post-14","page","type-page","status-publish","hentry"],"_links":{"self":[{"href":"https:\/\/ocw.unileon.es\/organizacion-de-empresas-aeroespaciales\/wp-json\/wp\/v2\/pages\/14","targetHints":{"allow":["GET"]}}],"collection":[{"href":"https:\/\/ocw.unileon.es\/organizacion-de-empresas-aeroespaciales\/wp-json\/wp\/v2\/pages"}],"about":[{"href":"https:\/\/ocw.unileon.es\/organizacion-de-empresas-aeroespaciales\/wp-json\/wp\/v2\/types\/page"}],"author":[{"embeddable":true,"href":"https:\/\/ocw.unileon.es\/organizacion-de-empresas-aeroespaciales\/wp-json\/wp\/v2\/users\/21"}],"replies":[{"embeddable":true,"href":"https:\/\/ocw.unileon.es\/organizacion-de-empresas-aeroespaciales\/wp-json\/wp\/v2\/comments?post=14"}],"version-history":[{"count":3,"href":"https:\/\/ocw.unileon.es\/organizacion-de-empresas-aeroespaciales\/wp-json\/wp\/v2\/pages\/14\/revisions"}],"predecessor-version":[{"id":44,"href":"https:\/\/ocw.unileon.es\/organizacion-de-empresas-aeroespaciales\/wp-json\/wp\/v2\/pages\/14\/revisions\/44"}],"wp:attachment":[{"href":"https:\/\/ocw.unileon.es\/organizacion-de-empresas-aeroespaciales\/wp-json\/wp\/v2\/media?parent=14"}],"curies":[{"name":"wp","href":"https:\/\/api.w.org\/{rel}","templated":true}]}}