{"id":7,"date":"2013-02-04T11:35:29","date_gmt":"2013-02-04T11:35:29","guid":{"rendered":"https:\/\/ocw.unileon.es\/asignatura\/?page_id=7"},"modified":"2014-04-01T11:25:18","modified_gmt":"2014-04-01T11:25:18","slug":"programa","status":"publish","type":"page","link":"https:\/\/ocw.unileon.es\/organizacion-de-empresas-aeroespaciales\/programa\/","title":{"rendered":"Programa"},"content":{"rendered":"A partir de las siguientes p\u00e1ginas se intenta ofrecer al alumno una visi\u00f3n global de la organizaci\u00f3n y la direcci\u00f3n de empresas en general y de las aeroespaciales en particular. Para ello, tras conocer el concepto de empresa y su relaci\u00f3n con el entorno y el sector en el que se encuentra, se profundiza en el an\u00e1lisis de la tarea de direcci\u00f3n y en las \u00e1reas de comercializaci\u00f3n, finanzas y producci\u00f3n, centr\u00e1ndonos m\u00e1s en esta \u00e1rea, al ser, previsiblemente, donde el lector va a desarrollar su trabajo al d\u00eda de ma\u00f1ana.\r\n\r\nEl temario se va a estructurar de la siguiente manera:\r\n<table style=\"width: 600px;\" border=\"0\" cellspacing=\"1\" cellpadding=\"0\">\r\n<tbody>\r\n<tr>\r\n<td width=\"162\"><address style=\"text-align: left;\">ASPECTOS INTRODUCTORIOS<\/address><\/td>\r\n<td style=\"text-align: left;\" width=\"435\"><address>Tema 1.- Introducci\u00f3n a la empresa aeroespacial. Sector aeroespacial\r\nTema 2.- Organizaci\u00f3n y gesti\u00f3n de la empresa aeroespacial: \u00c1reas funcionales<\/address><\/td>\r\n<\/tr>\r\n<tr>\r\n<td width=\"162\"><address>DISE\u00d1O DE LA EMPRESA AEROESPACIAL<\/address><\/td>\r\n<td width=\"435\"><address>Tema 3.- Planificaci\u00f3n y control de proyectos aeroespaciales\r\nTema 4.- Pron\u00f3sticos en el sector aeroespacial\r\nTema 5.- Organizaci\u00f3n de las operaciones en la empresa aeroespacial<\/address><\/td>\r\n<\/tr>\r\n<tr>\r\n<td width=\"162\"><address>DISE\u00d1O Y GESTI\u00d3N DE LAS OPERACIONES AEROESPACIALES<\/address><\/td>\r\n<td width=\"435\"><address>Tema 6.- Desarrollo de productos y servicios aeroespaciales\r\nTema 7.- Procesos productivos en la empresa aeroespacial\r\nTema 8.- Capacidad y localizaci\u00f3n de instalaciones aeroespaciales\r\nTema 9.- Tendencias en la gesti\u00f3n empresarial<\/address><\/td>\r\n<\/tr>\r\n<\/tbody>\r\n<\/table>","protected":false},"excerpt":{"rendered":"<p>A partir de las siguientes p\u00e1ginas se intenta ofrecer al alumno una visi\u00f3n global de la organizaci\u00f3n y la direcci\u00f3n de empresas en general y de las aeroespaciales en particular. Para ello, tras conocer el concepto de empresa y su relaci\u00f3n con el entorno y el sector en el que se encuentra, se profundiza en [&hellip;]<\/p>\n","protected":false},"author":21,"featured_media":0,"parent":0,"menu_order":0,"comment_status":"closed","ping_status":"closed","template":"","meta":{"footnotes":""},"class_list":["post-7","page","type-page","status-publish","hentry"],"_links":{"self":[{"href":"https:\/\/ocw.unileon.es\/organizacion-de-empresas-aeroespaciales\/wp-json\/wp\/v2\/pages\/7","targetHints":{"allow":["GET"]}}],"collection":[{"href":"https:\/\/ocw.unileon.es\/organizacion-de-empresas-aeroespaciales\/wp-json\/wp\/v2\/pages"}],"about":[{"href":"https:\/\/ocw.unileon.es\/organizacion-de-empresas-aeroespaciales\/wp-json\/wp\/v2\/types\/page"}],"author":[{"embeddable":true,"href":"https:\/\/ocw.unileon.es\/organizacion-de-empresas-aeroespaciales\/wp-json\/wp\/v2\/users\/21"}],"replies":[{"embeddable":true,"href":"https:\/\/ocw.unileon.es\/organizacion-de-empresas-aeroespaciales\/wp-json\/wp\/v2\/comments?post=7"}],"version-history":[{"count":3,"href":"https:\/\/ocw.unileon.es\/organizacion-de-empresas-aeroespaciales\/wp-json\/wp\/v2\/pages\/7\/revisions"}],"predecessor-version":[{"id":40,"href":"https:\/\/ocw.unileon.es\/organizacion-de-empresas-aeroespaciales\/wp-json\/wp\/v2\/pages\/7\/revisions\/40"}],"wp:attachment":[{"href":"https:\/\/ocw.unileon.es\/organizacion-de-empresas-aeroespaciales\/wp-json\/wp\/v2\/media?parent=7"}],"curies":[{"name":"wp","href":"https:\/\/api.w.org\/{rel}","templated":true}]}}