{"id":8,"date":"2013-02-04T11:35:36","date_gmt":"2013-02-04T11:35:36","guid":{"rendered":"https:\/\/ocw.unileon.es\/asignatura\/?page_id=8"},"modified":"2016-02-10T13:56:14","modified_gmt":"2016-02-10T13:56:14","slug":"bibliografia","status":"publish","type":"page","link":"https:\/\/ocw.unileon.es\/organizacion-escolar\/bibliografia\/","title":{"rendered":"Bibliograf\u00eda"},"content":{"rendered":"<table border=\"0\" width=\"600\" cellspacing=\"1\" cellpadding=\"2\">\r\n<tbody>\r\n<tr>\r\n<td class=\"VerdanaBlanca\" rowspan=\"2\" valign=\"top\" width=\"120\" height=\"12\"><strong>B\u00e1sica<\/strong><\/td>\r\n<td class=\"Verdana\"><\/td>\r\n<\/tr>\r\n<tr>\r\n<td class=\"Verdana\">ANTUNEZ, S. (1998). <em>El Proyecto Educativo de Centro<\/em>. Barcelona: Gra\u00f3.\r\n\r\nBALL, S. (1989). <em>La micropol\u00edtica en la escuela<\/em>. <em>Hacia una teor\u00eda de la Organizaci\u00f3n Escolar<\/em>. Barcelona: Paid\u00f3s\/MEC.\r\n\r\nD\u00cdEZ GUTI\u00c9RREZ, E.J. y GUAM\u00c1N, A. (Coords.). (2013). <i>Educaci\u00f3n P\u00fablica: de todos y para todos. Las claves de la Marea Verde<\/i>. Madrid: Bomarzo.\r\n\r\nD\u00cdEZ GUTI\u00c9RREZ, E.J. (2010). Decrecimiento y educaci\u00f3n. En Taibo, Carlos. (Dir.).<em>Decrecimientos. Sobre lo que hay que cambiar en la vida cotidiana<\/em> (109-135). Madrid: Catarata. (ISBN: 978-84-8319-526-0).\r\n\r\nD\u00cdEZ GUTI\u00c9RREZ, E.J. (2007). <strong><em>La Globalizaci\u00f3n neoliberal y sus repercusiones en la educaci\u00f3n.<\/em><\/strong> Barcelona: El Roure. 2\u00aa edici\u00f3n. (ISBN: 978-84-7976-034-2).\r\n\r\nMORENO, A.; DIEZ GUTI\u00c9RREZ, E.J.; PAZOS, J.L. y RECIO, M. (2012). <i><b>Qu\u00e9 hacemos con la educaci\u00f3n<\/b><\/i>. Madrid: Akal.\r\n\r\nSANTOS GUERRA, M. A. (1997). <em>La luz del prisma. Para comprender las organizaciones educativas<\/em>. M\u00e1laga: Aljibe.<\/td>\r\n<\/tr>\r\n<tr>\r\n<td class=\"VerdanaBlanca\" rowspan=\"2\" valign=\"top\" width=\"120\" height=\"12\"><strong>Complementaria<\/strong><\/td>\r\n<td class=\"Verdana\"><\/td>\r\n<\/tr>\r\n<tr>\r\n<td class=\"Verdana\">D\u00cdEZ GUTI\u00c9RREZ, E.J. (2006). <strong><em>Evaluaci\u00f3n de la cultura institucional en educaci\u00f3n. Un enfoque cualitativo te\u00f3rico-pr\u00e1ctico.<\/em><\/strong> Santiago de Chile (Chile): Array\u00e1n Editores.\u00a0 (ISBN: 956-240-500-1).\r\n\r\nD\u00cdEZ GUTI\u00c9RREZ, E.J. (2005). <em>La Organizaci\u00f3n Educativa. Estrategias de an\u00e1lisis e innovaci\u00f3n.<\/em> Sevilla: Ediversitas.\u00a0 (ISBN: 84-95836-02-5).\r\n\r\nD\u00cdEZ GUTI\u00c9RREZ, E.J. (1999). <strong><em>La Estrategia del Caracol. El cambio cultural en una organizaci\u00f3n educativa.<\/em><\/strong> Barcelona: Oikos-Tau. (ISBN: 84-281-0956-7).\r\n\r\nSANTOS GUERRA, M.A. (1994). <em>Entre bastidores. El lado oculto de la Organizaci\u00f3n Escolar<\/em>. M\u00e1laga: Aljibe.\r\n\r\nTYLER, W. (1991). <em>Organizaci\u00f3n Escolar<\/em>. Madrid: Morata.\r\n\r\nWOODS, P. (1987). <em>La escuela por dentro. La etnograf\u00eda de la investigaci\u00f3n educativa<\/em>. Barcelona: Paid\u00f3s\/MEC.<\/td>\r\n<\/tr>\r\n<\/tbody>\r\n<\/table>","protected":false},"excerpt":{"rendered":"<p>B\u00e1sica ANTUNEZ, S. (1998). El Proyecto Educativo de Centro. Barcelona: Gra\u00f3. BALL, S. (1989). La micropol\u00edtica en la escuela. Hacia una teor\u00eda de la Organizaci\u00f3n Escolar. Barcelona: Paid\u00f3s\/MEC. D\u00cdEZ GUTI\u00c9RREZ, E.J. y GUAM\u00c1N, A. (Coords.). (2013). Educaci\u00f3n P\u00fablica: de todos y para todos. Las claves de la Marea Verde. Madrid: Bomarzo. D\u00cdEZ GUTI\u00c9RREZ, E.J. (2010). [&hellip;]<\/p>\n","protected":false},"author":29,"featured_media":0,"parent":0,"menu_order":0,"comment_status":"closed","ping_status":"closed","template":"","meta":{"footnotes":""},"class_list":["post-8","page","type-page","status-publish","hentry"],"_links":{"self":[{"href":"https:\/\/ocw.unileon.es\/organizacion-escolar\/wp-json\/wp\/v2\/pages\/8","targetHints":{"allow":["GET"]}}],"collection":[{"href":"https:\/\/ocw.unileon.es\/organizacion-escolar\/wp-json\/wp\/v2\/pages"}],"about":[{"href":"https:\/\/ocw.unileon.es\/organizacion-escolar\/wp-json\/wp\/v2\/types\/page"}],"author":[{"embeddable":true,"href":"https:\/\/ocw.unileon.es\/organizacion-escolar\/wp-json\/wp\/v2\/users\/29"}],"replies":[{"embeddable":true,"href":"https:\/\/ocw.unileon.es\/organizacion-escolar\/wp-json\/wp\/v2\/comments?post=8"}],"version-history":[{"count":2,"href":"https:\/\/ocw.unileon.es\/organizacion-escolar\/wp-json\/wp\/v2\/pages\/8\/revisions"}],"predecessor-version":[{"id":31,"href":"https:\/\/ocw.unileon.es\/organizacion-escolar\/wp-json\/wp\/v2\/pages\/8\/revisions\/31"}],"wp:attachment":[{"href":"https:\/\/ocw.unileon.es\/organizacion-escolar\/wp-json\/wp\/v2\/media?parent=8"}],"curies":[{"name":"wp","href":"https:\/\/api.w.org\/{rel}","templated":true}]}}